{"id":1082,"date":"2024-10-24T09:18:12","date_gmt":"2024-10-24T07:18:12","guid":{"rendered":"http:\/\/assisenadvocaat.be\/?page_id=1082"},"modified":"2024-10-24T09:18:19","modified_gmt":"2024-10-24T07:18:19","slug":"declaration-de-confidentialite","status":"publish","type":"page","link":"https:\/\/assisenadvocaat.be\/fr\/declaration-de-confidentialite","title":{"rendered":"D\u00e9claration de confidentialit\u00e9"},"content":{"rendered":"<p>Au quotidien, BANNISTER Lawyers traite les donn\u00e9es personnelles dans le respect de la propri\u00e9t\u00e9, de la loyaut\u00e9, de la l\u00e9galit\u00e9, de la limitation du stockage, de la proportionnalit\u00e9, de la finalit\u00e9 du traitement, de l'int\u00e9grit\u00e9 et de la confidentialit\u00e9.<\/p>\n\n\n\n<p>BANNISTER Advocaten respecte la vie priv\u00e9e de ses clients et des personnes au sujet desquelles il re\u00e7oit des informations. Ces informations sont trait\u00e9es avec une stricte confidentialit\u00e9. Dans cette d\u00e9claration de confidentialit\u00e9, nous souhaitons expliquer quelles donn\u00e9es personnelles nous traitons et pourquoi (finalit\u00e9s).<\/p>\n\n\n\n<p>BANNISTER Advocaten, situ\u00e9 \u00e0 Suikerrui 5, 2000 Anvers, adresse \u00e9lectronique : gdpr@bannister.be, est le responsable du traitement et du stockage de vos donn\u00e9es personnelles.<\/p>\n\n\n\n<p>Responsable de la protection des donn\u00e9es : Julie De Paepe.<\/p>\n\n\n\n<p>Si vous avez des questions sur le contenu de la d\u00e9claration de confidentialit\u00e9, veuillez nous contacter par e-mail : gdpr@bannister.be<\/p>\n\n\n\n<h2 class=\"wp-block-heading\"><strong>TRAITEMENT DES DONN\u00c9ES \u00c0 CARACT\u00c8RE PERSONNEL<\/strong><\/h2>\n\n\n\n<p>BANNISTER Advocaten traite vos donn\u00e9es personnelles :<\/p>\n\n\n\n<ul class=\"wp-block-list\">\n<li>En raison de nos obligations l\u00e9gales ;<\/li>\n\n\n\n<li>Dans le cadre d'un accord de conseil et\/ou d'assistance ;<\/li>\n\n\n\n<li>Et\/ou parce que vous nous avez fourni ces donn\u00e9es personnelles vous-m\u00eame (via notre formulaire de contact).<\/li>\n<\/ul>\n\n\n\n<h2 class=\"wp-block-heading\"><strong>BANNISTER LAWYERS TRAITE DIFF\u00c9RENTS TYPES DE DONN\u00c9ES PERSONNELLES, \u00c0 DIFF\u00c9RENTES FINS.<\/strong><\/h2>\n\n\n\n<p>NOUS COLLECTONS :<\/p>\n\n\n\n<ul class=\"wp-block-list\">\n<li>Pr\u00e9nom et nom<\/li>\n\n\n\n<li>Genre<\/li>\n\n\n\n<li>Date et lieu de naissance<\/li>\n\n\n\n<li>Num\u00e9ro de registre national<\/li>\n\n\n\n<li>Coordonn\u00e9es<\/li>\n\n\n\n<li>Num\u00e9ro de t\u00e9l\u00e9phone<\/li>\n\n\n\n<li>Adresse \u00e9lectronique<\/li>\n\n\n\n<li>D'autres donn\u00e9es \u00e0 caract\u00e8re personnel que vous nous fournissez, par exemple en remplissant un formulaire de contact sur notre site web, ou par correspondance et\/ou par t\u00e9l\u00e9phone.<\/li>\n\n\n\n<li>Num\u00e9ro de compte bancaire<\/li>\n<\/ul>\n\n\n\n<h2 class=\"wp-block-heading\"><strong>TRAITEMENT DES DONN\u00c9ES PERSONNELLES SENSIBLES BANNISTER<\/strong><\/h2>\n\n\n\n<p>Lawyers (selon le cas) traite les donn\u00e9es personnelles sensibles suivantes :<\/p>\n\n\n\n<ul class=\"wp-block-list\">\n<li>Ant\u00e9c\u00e9dents criminels, faits ou condamnations ;<\/li>\n\n\n\n<li>Donn\u00e9es des personnes \u00e2g\u00e9es de moins de 16 ans ;<\/li>\n\n\n\n<li>Les donn\u00e9es personnelles qui r\u00e9v\u00e8lent les opinions politiques ou l'appartenance syndicale ;<\/li>\n\n\n\n<li>Donn\u00e9es relatives au comportement sexuel ou \u00e0 l'orientation sexuelle.<\/li>\n<\/ul>\n\n\n\n<p>Le traitement de ces donn\u00e9es est n\u00e9cessaire \u00e0 la constatation, \u00e0 l'exercice ou au fondement de droits en justice, dans le cadre du contrat de conseil et d'assistance conclu avec vous.<\/p>\n\n\n\n<h2 class=\"wp-block-heading\"><strong>TRAITEMENT DES DONN\u00c9ES PERSONNELLES SENSIBLES BANNISTER SERVICES<\/strong><\/h2>\n\n\n\n<p>BANNISTER Advocaten traite vos donn\u00e9es personnelles aux fins suivantes :<\/p>\n\n\n\n<ul class=\"wp-block-list\">\n<li>Pour se conformer aux obligations en mati\u00e8re de lutte contre le blanchiment d'argent : voir http:\/\/www.tba.be\/nl\/witwaswetgeving.<\/li>\n\n\n\n<li>Si la mission que vous nous confiez entre dans le champ d'application de la loi anti-blanchiment (voir lien ci-dessus), nous sommes tenus d'identifier nos clients et de demander un certain nombre de documents pour prouver cette identit\u00e9, de les v\u00e9rifier et de les conserver avec une copie de votre carte d'identit\u00e9. Nous pouvons \u00e9galement \u00eatre amen\u00e9s \u00e0 vous poser des questions sur l'origine des fonds ou des actifs.<\/li>\n\n\n\n<li>En outre, la loi et les r\u00e8gles de conduite des avocats nous obligent \u00e0 vous identifier au moyen d'un document d'identification valide. En fonction des services fournis, nous pouvons avoir besoin de votre num\u00e9ro d'immatriculation \u00e0 l'\u00e9tat civil.<\/li>\n\n\n\n<li>Pour fournir nos services, nous avons \u00e9videmment besoin de votre nom et de vos coordonn\u00e9es (nom, pr\u00e9nom, num\u00e9ro de t\u00e9l\u00e9phone, adresse et adresse \u00e9lectronique) afin de pouvoir rester en contact avec vous et vous informer de l'\u00e9tat d'avancement de votre dossier.<\/li>\n\n\n\n<li>Nous avons besoin de votre num\u00e9ro de compte bancaire pour traiter les paiements (le cas \u00e9ch\u00e9ant). Nous ne traitons les donn\u00e9es financi\u00e8res que si elles sont absolument n\u00e9cessaires \u00e0 la conduite de la proc\u00e9dure ou \u00e0 des fins de facturation.<\/li>\n\n\n\n<li>En fonction du type de dossier, nous collectons \u00e9galement des donn\u00e9es personnelles sensibles telles que des donn\u00e9es relatives \u00e0 la sant\u00e9 et au casier judiciaire, par exemple dans le cas d'une affaire de dommages corporels ou d'une affaire p\u00e9nale. Lorsque vous nous chargez d'un tel dossier, nous vous demandons votre accord pour le traitement de ces donn\u00e9es personnelles sensibles. Les donn\u00e9es relatives \u00e0 votre casier judiciaire nous sont fournies par le minist\u00e8re public et ces donn\u00e9es sont n\u00e9cessaires pour vous aider.<\/li>\n\n\n\n<li>Pour la repr\u00e9sentation des int\u00e9r\u00eats l\u00e9gitimes de BANNISTER Lawyers. Pour cette raison, nous traitons votre sexe afin de permettre un adressage correct.<\/li>\n\n\n\n<li>Si vous \u00eates une personne physique : vos nom, pr\u00e9nom, date et lieu de naissance et, dans la mesure du possible, votre adresse.<\/li>\n\n\n\n<li>Si vous repr\u00e9sentez une soci\u00e9t\u00e9 : la liste des administrateurs ;<\/li>\n<\/ul>\n\n\n\n<h2 class=\"wp-block-heading\"><strong>MARKETING<\/strong><\/h2>\n\n\n\n<p>Afin d'\u00e9largir notre client\u00e8le, nous recueillons des informations commercialement int\u00e9ressantes sur les entreprises, telles que la position d'une entreprise sur le march\u00e9, l'int\u00e9r\u00eat \u00e9ventuel (ult\u00e9rieur) de l'entreprise pour nos services et les personnes au sein de l'entreprise avec lesquelles nous souhaitons entrer en contact ou avec lesquelles nous sommes entr\u00e9s en contact. Nous recueillons les coordonn\u00e9es de ces personnes, des notes bas\u00e9es sur des conversations (t\u00e9l\u00e9phoniques) et des rapports de visite. Ces informations sont soigneusement rassembl\u00e9es et trait\u00e9es dans une base de donn\u00e9es dont l'acc\u00e8s est limit\u00e9. Ce traitement est effectu\u00e9 sur la base de notre int\u00e9r\u00eat commercial l\u00e9gitime.<\/p>\n\n\n\n<h2 class=\"wp-block-heading\"><strong>AVEC QUI PARTAGEONS-NOUS VOS DONN\u00c9ES PERSONNELLES ?<\/strong><\/h2>\n\n\n\n<p>Bien entendu, nous ne vendons pas vos donn\u00e9es. En r\u00e8gle g\u00e9n\u00e9rale, nous ne transmettons pas vos donn\u00e9es personnelles \u00e0 des personnes ext\u00e9rieures \u00e0 BANNISTER Advocaten, sauf si cela s'av\u00e8re n\u00e9cessaire \u00e0 l'ex\u00e9cution du contrat. Il s'agit notamment de l'ouverture et de la conduite d'une proc\u00e9dure ou d'un processus de n\u00e9gociation.<\/p>\n\n\n\n<p>VOS DONN\u00c9ES PEUVENT \u00caTRE PARTAG\u00c9ES AVEC :<\/p>\n\n\n\n<ul class=\"wp-block-list\">\n<li>Tiers impliqu\u00e9s dans la prestation de services : le facteur\/le coursier pour vous livrer des documents si n\u00e9cessaire ;<\/li>\n\n\n\n<li>les organismes charg\u00e9s de l'application de la loi ou les organismes gouvernementaux lorsqu'ils nous demandent de divulguer les informations ;<\/li>\n\n\n\n<li>Les sous-traitants qui effectuent des recherches et des analyses statistiques ;<\/li>\n\n\n\n<li>Processeurs fournissant notre h\u00e9bergement web ;<\/li>\n\n\n\n<li>Les sous-traitants qui assurent l'h\u00e9bergement de ce site Web et des bases de donn\u00e9es correspondantes ;<\/li>\n\n\n\n<li>Conseillers m\u00e9dicaux, experts, sp\u00e9cialistes ;<\/li>\n\n\n\n<li>Huissiers de justice<\/li>\n<\/ul>\n\n\n\n<h2 class=\"wp-block-heading\"><strong>TRANSFORMATEURS<\/strong><\/h2>\n\n\n\n<p>Nous concluons un accord de sous-traitance avec tous les sous-traitants auxquels nous transf\u00e9rons des donn\u00e9es ou qui travaillent pour notre compte afin de garantir que le niveau de s\u00e9curit\u00e9 et de confidentialit\u00e9 de vos donn\u00e9es reste le m\u00eame.<\/p>\n\n\n\n<p>BANNISTER Advocaten conclut des accords avec les destinataires de vos donn\u00e9es pour garantir que les donn\u00e9es personnelles sont trait\u00e9es de mani\u00e8re confidentielle et s\u00e9curis\u00e9e.<\/p>\n\n\n\n<p>BANNISTER Attorneys reste bien entendu responsable de ce traitement.<\/p>\n\n\n\n<h2 class=\"wp-block-heading\"><strong>S\u00c9CURISATION DES DONN\u00c9ES \u00c0 CARACT\u00c8RE PERSONNEL<\/strong><\/h2>\n\n\n\n<p>BANNISTER Lawyers prend toutes les pr\u00e9cautions raisonnables pour s\u00e9curiser vos donn\u00e9es personnelles et exige des tiers qui traitent vos donn\u00e9es personnelles pour nous qu'ils fassent de m\u00eame. L'acc\u00e8s \u00e0 vos donn\u00e9es personnelles est limit\u00e9 afin d'emp\u00eacher tout acc\u00e8s non autoris\u00e9, toute divulgation non d\u00e9sir\u00e9e, toute modification ou tout abus et n'est autoris\u00e9 qu'\u00e0 nos employ\u00e9s et \u00e0 nos sous-traitants sur la base du besoin d'en conna\u00eetre.<\/p>\n\n\n\n<h2 class=\"wp-block-heading\"><strong>DUR\u00c9E DE CONSERVATION DES DONN\u00c9ES<\/strong><\/h2>\n\n\n\n<p>Nous ne conservons pas vos donn\u00e9es personnelles plus longtemps que n\u00e9cessaire, \u00e0 moins qu'il n'existe une obligation l\u00e9gale de les conserver plus longtemps. Notre politique pr\u00e9voit que nous conservons votre dossier et donc vos donn\u00e9es \u00e0 caract\u00e8re personnel pendant cinq ans. Nous proc\u00e9dons ainsi parce que nous constatons que des clients demandent des donn\u00e9es de leur dossier apr\u00e8s des ann\u00e9es ou que d'autres cas se pr\u00e9sentent dans lesquels il est n\u00e9cessaire de disposer de ces donn\u00e9es (par exemple, la responsabilit\u00e9 professionnelle). (Nous ne sommes pas non plus autoris\u00e9s \u00e0 prendre des mesures \u00e0 l'encontre de clients ou d'anciens clients, sauf exception. Pour contr\u00f4ler cela, nous continuons donc \u00e0 conserver votre nom, votre date et votre lieu de naissance ainsi que votre dossier.<\/p>\n\n\n\n<p>Les donn\u00e9es collect\u00e9es \u00e0 la suite de votre visite sur le site web sont conserv\u00e9es pendant 5 ans.<\/p>\n\n\n\n<h2 class=\"wp-block-heading\"><strong>VOS DROITS ET QUI CONTACTER<\/strong><\/h2>\n\n\n\n<p>VOUS AVEZ LE DROIT DE NOUS INFORMER QUE<\/p>\n\n\n\n<ol class=\"wp-block-list\">\n<li>vous souhaitez consulter les donn\u00e9es personnelles que nous d\u00e9tenons \u00e0 votre sujet ;<\/li>\n\n\n\n<li>vous souhaitez que nous corrigions, mettions \u00e0 jour ou supprimions vos donn\u00e9es personnelles dans nos dossiers ;<\/li>\n\n\n\n<li>vous souhaitez que le traitement de vos donn\u00e9es soit limit\u00e9 ;<\/li>\n\n\n\n<li>vous vous opposez au traitement ;<\/li>\n\n\n\n<li>vous souhaitez exercer votre droit \u00e0 la portabilit\u00e9 des donn\u00e9es ;<\/li>\n\n\n\n<li>vous souhaitez signaler une utilisation abusive de vos donn\u00e9es personnelles.<\/li>\n<\/ol>\n\n\n\n<p>Pour nous aider \u00e0 traiter votre demande, veuillez nous indiquer votre nom et vos coordonn\u00e9es compl\u00e8tes et adresser votre demande \u00e0 : info@bannister.be. Pour vous assurer que la demande de contr\u00f4le est bien la v\u00f4tre, veuillez joindre une copie du recto de votre permis de conduire ou de votre pi\u00e8ce d'identit\u00e9. Sur cette copie, noircissez votre photo d'identit\u00e9 et votre num\u00e9ro d'identification. Ceci afin de prot\u00e9ger votre vie priv\u00e9e.<\/p>\n\n\n\n<p>Dans un d\u00e9lai d'un mois \u00e0 compter de l'introduction de votre demande, nous vous informerons de la suite donn\u00e9e \u00e0 votre demande.<\/p>\n\n\n\n<p>Vous avez le droit de retirer votre consentement \u00e0 un traitement particulier \u00e0 tout moment, sans pr\u00e9judice de la l\u00e9galit\u00e9 du traitement fond\u00e9 sur le consentement avant son retrait.<\/p>\n\n\n\n<p>Enfin, vous avez toujours le droit de d\u00e9poser une plainte aupr\u00e8s de l'autorit\u00e9 de contr\u00f4le (GBA).<\/p>\n\n\n\n<h2 class=\"wp-block-heading\"><strong>1. DROIT D'INSPECTION<\/strong><\/h2>\n\n\n\n<p>\u00c0 votre demande, nous vous indiquerons par \u00e9crit si nous traitons des donn\u00e9es \u00e0 caract\u00e8re personnel vous concernant et quelles sont ces donn\u00e9es, et nous vous en fournirons une copie. Nous vous expliquerons \u00e9galement \u00e0 quelles fins les donn\u00e9es ont \u00e9t\u00e9 ou sont trait\u00e9es, avec qui elles sont partag\u00e9es, pendant combien de temps elles sont cens\u00e9es \u00eatre conserv\u00e9es et quels sont les autres droits que vous pouvez faire valoir.<\/p>\n\n\n\n<h2 class=\"wp-block-heading\"><strong>2. LA CORRECTION OU L'ACH\u00c8VEMENT<\/strong><\/h2>\n\n\n\n<p>Si vous avez eu acc\u00e8s au traitement de vos donn\u00e9es personnelles, vous pouvez nous demander de corriger des inexactitudes ou de compl\u00e9ter des omissions. Si nous les corrigeons, vous recevrez une d\u00e9claration compl\u00e9mentaire de notre part. Les destinataires de vos donn\u00e9es inexactes ou incompl\u00e8tes recevront \u00e9galement cette d\u00e9claration.<\/p>\n\n\n\n<h2 class=\"wp-block-heading\"><strong>3. ERASURE DES DONN\u00c9ES<\/strong><\/h2>\n\n\n\n<p>Vous pouvez nous demander de supprimer vos donn\u00e9es personnelles dans nos syst\u00e8mes dans un ou plusieurs des cas suivants :<\/p>\n\n\n\n<ul class=\"wp-block-list\">\n<li>Les donn\u00e9es \u00e0 caract\u00e8re personnel ne sont plus n\u00e9cessaires aux fins pour lesquelles nous les avons trait\u00e9es ;<\/li>\n\n\n\n<li>vous retirez votre consentement au traitement (ult\u00e9rieur) ; et il n'y a plus d'autre base pour le traitement ;<\/li>\n\n\n\n<li>Vous faites une objection motiv\u00e9e et il n'y a pas de raisons imp\u00e9rieuses de ne pas honorer votre objection ;<\/li>\n\n\n\n<li>Nous avons trait\u00e9 des donn\u00e9es \u00e0 caract\u00e8re personnel de mani\u00e8re illicite ;<\/li>\n\n\n\n<li>Nous devons supprimer vos donn\u00e9es personnelles sur la base d'une obligation l\u00e9gale.<\/li>\n<\/ul>\n\n\n\n<h2 class=\"wp-block-heading\"><strong>4. LIMITATION DU TRAITEMENT<\/strong><\/h2>\n\n\n\n<p>Si vous nous avez signal\u00e9 une inexactitude ou un caract\u00e8re incomplet de vos donn\u00e9es \u00e0 caract\u00e8re personnel, vous pouvez nous demander de limiter le traitement pendant que nous traitons votre demande. Vous pouvez \u00e9galement nous demander de limiter le traitement de vos donn\u00e9es si vous estimez que nous les traitons ill\u00e9galement ou que nous n'en avons plus besoin, ou si vous vous \u00eates oppos\u00e9 \u00e0 leur traitement (ult\u00e9rieur). Apr\u00e8s r\u00e9ception de votre demande, nous ne traiterons les donn\u00e9es qu'apr\u00e8s avoir obtenu votre consentement ou pour des raisons imp\u00e9rieuses (telles qu'une proc\u00e9dure judiciaire).<\/p>\n\n\n\n<h2 class=\"wp-block-heading\"><strong>5. MISE EN GARDE<\/strong><\/h2>\n\n\n\n<p>Vous pouvez \u00e0 tout moment vous opposer au traitement des donn\u00e9es \u00e0 caract\u00e8re personnel vous concernant. Cela s'applique en particulier aux profils que nous avons cr\u00e9\u00e9s sur la base de vos donn\u00e9es personnelles. Nous cesserons de traiter vos donn\u00e9es d\u00e8s r\u00e9ception de votre objection, \u00e0 moins que nous puissions fournir des raisons l\u00e9gitimes imp\u00e9rieuses qui l'emportent sur vos int\u00e9r\u00eats, vos droits et vos libert\u00e9s.<\/p>\n\n\n\n<h2 class=\"wp-block-heading\"><strong>6. PLAINTES<\/strong><\/h2>\n\n\n\n<p>Avez-vous une plainte \u00e0 formuler concernant l'utilisation ou l'abus de vos donn\u00e9es \u00e0 caract\u00e8re personnel ? Dans ce cas, veuillez vous r\u00e9f\u00e9rer \u00e0 la proc\u00e9dure de r\u00e9clamation de l'ACS. Cet organisme est habilit\u00e9 \u00e0 prendre connaissance de votre plainte :<\/p>\n\n\n\n<p>+32 (0)2 274 48 00\/ <a href=\"mailto:contact@apd-gba.be\">contact@apd-gba.be<\/a> \/www.gegevensbeschermingsautoriteit.be).<br>L'autorit\u00e9 belge de protection des donn\u00e9es<br>Rue du Printing Press 35, 1000 Bruxelles<br>+32 (0)2 274 48 00<br>+32 (0)2 274 48 35<br><a href=\"mailto:contact@apd-gba.be\">contact@apd-gba.be<\/a> \/www.gegevensbeschermingsautoriteit.be<\/p>\n\n\n\n<h2 class=\"wp-block-heading\"><strong>UTILISATION DE COOKIES<\/strong><\/h2>\n\n\n\n<p>BANNISTER Advocaten n'utilise que des cookies fonctionnels. Ces cookies sont indispensables pour visiter nos sites web et en utiliser certaines parties. Ces cookies vous permettent par exemple de naviguer entre les diff\u00e9rentes parties du site web ou, par exemple, de remplir des formulaires. Si vous refusez ces cookies, certaines parties du site web ne fonctionneront pas ou ne fonctionneront pas de mani\u00e8re optimale.<\/p>\n\n\n\n<h2 class=\"wp-block-heading\"><strong>LETTRE D'INFORMATION<\/strong><\/h2>\n\n\n\n<p>Nous proposons une lettre d'information par laquelle nous souhaitons informer les parties int\u00e9ress\u00e9es des nouveaut\u00e9s concernant l'expansion \u00e9ventuelle de nos services, les changements l\u00e9gislatifs et les questions connexes. Votre adresse \u00e9lectronique ne sera ajout\u00e9e \u00e0 la liste des abonn\u00e9s qu'avec votre consentement explicite. Chaque lettre d'information contient un lien qui vous permet de vous d\u00e9sabonner facilement (\"d\u00e9sabonnement\"). Le fichier des abonn\u00e9s \u00e0 la lettre d'information ne sera pas transmis \u00e0 des tiers.<\/p>\n\n\n\n<h2 class=\"wp-block-heading\"><strong>QUESTIONS ?<\/strong><\/h2>\n\n\n\n<p>Vous avez encore des questions ? Si c'est le cas, envoyez un e-mail avec votre question \u00e0 : <a href=\"mailto:gdpr@bannister.be\">gdpr@bannister.be<\/a>.<\/p>\n\n\n\n<p>La pr\u00e9sente d\u00e9claration de confidentialit\u00e9 est conforme au r\u00e8glement g\u00e9n\u00e9ral sur la protection des donn\u00e9es. Nous nous r\u00e9servons le droit de modifier ou d'am\u00e9liorer p\u00e9riodiquement cette d\u00e9claration de confidentialit\u00e9. La derni\u00e8re version sera publi\u00e9e sur cette page.<\/p>\n\n\n\n<p>Coordonn\u00e9es de la personne \u00e0 contacter<br>BANNISTER Avocats<br>Frankrijklei 104<br>2000 Anvers<br>Tel : 03 369 28 00<br><a href=\"mailto:gdpr@bannister.be\">gdpr@bannister.be<\/a><\/p>","protected":false},"excerpt":{"rendered":"<p>BANNISTER Advocaten verwerkt dagelijks persoonsgegevens met respect voor de behoorlijkheid, eerlijkheid, rechtmatigheid, opslagbeperking, proportionaliteit, finaliteit van de verwerking, integriteit en vertrouwelijkheid. BANNISTER Advocaten respecteert de privacy van onze klanten alsook de personen over wie wij informatie ontvangen. Deze informatie wordt strikt vertrouwelijk behandeld. In deze privacyverklaring leggen wij u graag uit welke persoonsgegevens wij verwerken [&hellip;]<\/p>\n","protected":false},"author":2,"featured_media":0,"parent":0,"menu_order":0,"comment_status":"closed","ping_status":"closed","template":"","meta":{"_acf_changed":false,"footnotes":""},"page-category":[25],"class_list":["post-1082","page","type-page","status-publish","hentry","page-category-legal"],"acf":[],"_links":{"self":[{"href":"https:\/\/assisenadvocaat.be\/fr\/wp-json\/wp\/v2\/pages\/1082","targetHints":{"allow":["GET"]}}],"collection":[{"href":"https:\/\/assisenadvocaat.be\/fr\/wp-json\/wp\/v2\/pages"}],"about":[{"href":"https:\/\/assisenadvocaat.be\/fr\/wp-json\/wp\/v2\/types\/page"}],"author":[{"embeddable":true,"href":"https:\/\/assisenadvocaat.be\/fr\/wp-json\/wp\/v2\/users\/2"}],"replies":[{"embeddable":true,"href":"https:\/\/assisenadvocaat.be\/fr\/wp-json\/wp\/v2\/comments?post=1082"}],"version-history":[{"count":1,"href":"https:\/\/assisenadvocaat.be\/fr\/wp-json\/wp\/v2\/pages\/1082\/revisions"}],"predecessor-version":[{"id":1083,"href":"https:\/\/assisenadvocaat.be\/fr\/wp-json\/wp\/v2\/pages\/1082\/revisions\/1083"}],"wp:attachment":[{"href":"https:\/\/assisenadvocaat.be\/fr\/wp-json\/wp\/v2\/media?parent=1082"}],"wp:term":[{"taxonomy":"page-category","embeddable":true,"href":"https:\/\/assisenadvocaat.be\/fr\/wp-json\/wp\/v2\/page-category?post=1082"}],"curies":[{"name":"wp","href":"https:\/\/api.w.org\/{rel}","templated":true}]}}